{"id":312,"date":"2026-03-26T13:13:02","date_gmt":"2026-03-26T12:13:02","guid":{"rendered":"https:\/\/ops.wladyslawowo.pl\/?page_id=312"},"modified":"2026-03-26T13:51:35","modified_gmt":"2026-03-26T12:51:35","slug":"__trashed-4","status":"publish","type":"page","link":"https:\/\/ops.wladyslawowo.pl\/index.php\/__trashed-4\/","title":{"rendered":"Projekty Unijne"},"content":{"rendered":"\n<figure class=\"wp-block-image size-large is-resized\"><img loading=\"lazy\" decoding=\"async\" width=\"1024\" height=\"95\" src=\"https:\/\/ops.wladyslawowo.pl\/wp-content\/uploads\/2026\/03\/pasek-logotypow-fep-21-27-poziomy-kolorowy-1024x95.png\" alt=\"\" class=\"wp-image-313\" style=\"width:1160px;height:auto\" srcset=\"https:\/\/ops.wladyslawowo.pl\/wp-content\/uploads\/2026\/03\/pasek-logotypow-fep-21-27-poziomy-kolorowy-1024x95.png 1024w, https:\/\/ops.wladyslawowo.pl\/wp-content\/uploads\/2026\/03\/pasek-logotypow-fep-21-27-poziomy-kolorowy-300x28.png 300w, https:\/\/ops.wladyslawowo.pl\/wp-content\/uploads\/2026\/03\/pasek-logotypow-fep-21-27-poziomy-kolorowy-768x71.png 768w, https:\/\/ops.wladyslawowo.pl\/wp-content\/uploads\/2026\/03\/pasek-logotypow-fep-21-27-poziomy-kolorowy-1536x142.png 1536w, https:\/\/ops.wladyslawowo.pl\/wp-content\/uploads\/2026\/03\/pasek-logotypow-fep-21-27-poziomy-kolorowy.png 1689w\" sizes=\"auto, (max-width: 1024px) 100vw, 1024px\" \/><\/figure>\n\n\n\n<p>Projekt\u00a0<strong>\u201eAktywni \u2013 w\u0142\u0105czeni! Aktywizacja spo\u0142eczno \u2013 zawodowa mieszka\u0144c\u00f3w powiatu puckiego.\u201d<\/strong>\u00a0realizowany jest w ramach Programu Regionalnego Fundusze Europejskie dla Pomorza na lata 2021-2027, Dzia\u0142anie 05.11. Aktywne w\u0142\u0105czenie spo\u0142eczne. Projekt jest realizowany przez Gmin\u0119 Puck w partnerstwie z Fundacja Phenomen, Gmin\u0105 W\u0142adys\u0142awowo oraz Gmin\u0105 Miasta Puck.<\/p>\n\n\n\n<p>W ramach projektu uczestnicy b\u0119d\u0105 mogli skorzysta\u0107 z:<\/p>\n\n\n\n<ul class=\"wp-block-list\">\n<li>us\u0142ug aktywnej integracji o charakterze spo\u0142ecznym w tym z: pomocy pracownika socjalnego, t\u0142umacza j\u0119zyka ukrai\u0144skiego, psychologa, z warsztat\u00f3w wzmacniaj\u0105cych kompetencje o charakterze spo\u0142ecznym;<\/li>\n\n\n\n<li>us\u0142ug aktywnej integracji o charakterze zawodowym: doradztwo zawodowe i po\u015brednictwo pracy, sta\u017ce, szkolenia i kursy umo\u017cliwiaj\u0105ce nabycie kwalifikacji lub kompetencji zawodowych;<\/li>\n\n\n\n<li>us\u0142ug aktywnej integracji o charakterze zdrowotnym- pokrycie koszt\u00f3w bada\u0144 diagnostycznych; poprawa kompetencji w zakresie sp\u0119dzania czasu wolnego i rekreacji: spotkania z animatorem \u015brodowiskowym, udzia\u0142 w wyjazdach do instytucji kultury i miejsc rekreacji, udzia\u0142 w festynach; Poprawa warunk\u00f3w mieszkaniowych: dostosowanie lokali komunalnych zamieszkiwanych przez uczestnik\u00f3w projektu,<\/li>\n<\/ul>\n\n\n\n<p>Projekt skierowany jest do 320 os\u00f3b w tym 132 m\u0119\u017cczyzn i 188 kobiet dotkni\u0119tych\/zagro\u017conych ub\u00f3stwem i wykluczeniem spo\u0142ecznym i\/lub biernych zawodowo, w tym 40% to osoby z niepe\u0142nosprawno\u015bci\u0105,<\/p>\n\n\n\n<p>Celem projektu jest w\u0142\u0105czenie spo\u0142eczne i powr\u00f3t na rynek pracy 320 os\u00f3b dotkni\u0119tych\/zagro\u017conych ub\u00f3stwem i wykluczeniem spo\u0142ecznym i\/lub biernych zawodowo z powiatu puckiego<\/p>\n\n\n\n<p>Najwa\u017cniejsze efekty projektu: poprawa sytuacji spo\u0142ecznej po udziale w projekcie 210 os, rozpocz\u0119cie poszukiwania pracy przez 64 os, uzyskanie kwalifikacji zawodowych przez 128 os, podj\u0119cie zatrudnienia przez 90 os,<\/p>\n\n\n\n<p><strong>warto\u015b\u0107 projektu 4\u00a0153\u00a0460,29 z\u0142,<\/strong><\/p>\n\n\n\n<p><strong>wysoko\u015b\u0107 wk\u0142adu Funduszy Europejskich 3\u00a0945\u00a0787,27 z\u0142.<\/strong><\/p>\n\n\n\n<ol start=\"1\" class=\"wp-block-list\"><\/ol>\n\n\n\n<p><\/p>\n\n\n\n<p class=\"has-ast-global-color-1-color has-text-color has-link-color wp-elements-0d5c67a0f42d8287d790a0dc9fa1632a\"><strong>Wi\u0119cej informacji pod nr telefonu 586 745 418<\/strong>.<\/p>\n\n\n\n<p class=\"has-ast-global-color-1-color has-text-color has-link-color has-small-font-size wp-elements-1d0908e8a9803e6e43635699438305c5\"><em>Kornelia Trafankowska, Marta Andelbrat<\/em><\/p>\n\n\n\n<p><\/p>\n\n\n\n<p><\/p>\n","protected":false},"excerpt":{"rendered":"<p>Projekt\u00a0\u201eAktywni \u2013 w\u0142\u0105czeni! Aktywizacja spo\u0142eczno \u2013 zawodowa mieszka\u0144c\u00f3w powiatu puckiego.\u201d\u00a0realizowany jest w ramach Programu Regionalnego Fundusze Europejskie dla Pomorza na [&hellip;]<\/p>\n","protected":false},"author":4,"featured_media":0,"parent":0,"menu_order":0,"comment_status":"closed","ping_status":"closed","template":"","meta":{"site-sidebar-layout":"default","site-content-layout":"","ast-site-content-layout":"default","site-content-style":"default","site-sidebar-style":"default","ast-global-header-display":"","ast-banner-title-visibility":"","ast-main-header-display":"","ast-hfb-above-header-display":"","ast-hfb-below-header-display":"","ast-hfb-mobile-header-display":"","site-post-title":"disabled","ast-breadcrumbs-content":"","ast-featured-img":"","footer-sml-layout":"","ast-disable-related-posts":"","theme-transparent-header-meta":"","adv-header-id-meta":"","stick-header-meta":"","header-above-stick-meta":"","header-main-stick-meta":"","header-below-stick-meta":"","astra-migrate-meta-layouts":"default","ast-page-background-enabled":"default","ast-page-background-meta":{"desktop":{"background-color":"var(--ast-global-color-5)","background-image":"","background-repeat":"repeat","background-position":"center center","background-size":"auto","background-attachment":"scroll","background-type":"","background-media":"","overlay-type":"","overlay-color":"","overlay-opacity":"","overlay-gradient":""},"tablet":{"background-color":"","background-image":"","background-repeat":"repeat","background-position":"center center","background-size":"auto","background-attachment":"scroll","background-type":"","background-media":"","overlay-type":"","overlay-color":"","overlay-opacity":"","overlay-gradient":""},"mobile":{"background-color":"","background-image":"","background-repeat":"repeat","background-position":"center center","background-size":"auto","background-attachment":"scroll","background-type":"","background-media":"","overlay-type":"","overlay-color":"","overlay-opacity":"","overlay-gradient":""}},"ast-content-background-meta":{"desktop":{"background-color":"var(--ast-global-color-4)","background-image":"","background-repeat":"repeat","background-position":"center center","background-size":"auto","background-attachment":"scroll","background-type":"","background-media":"","overlay-type":"","overlay-color":"","overlay-opacity":"","overlay-gradient":""},"tablet":{"background-color":"var(--ast-global-color-4)","background-image":"","background-repeat":"repeat","background-position":"center center","background-size":"auto","background-attachment":"scroll","background-type":"","background-media":"","overlay-type":"","overlay-color":"","overlay-opacity":"","overlay-gradient":""},"mobile":{"background-color":"var(--ast-global-color-4)","background-image":"","background-repeat":"repeat","background-position":"center center","background-size":"auto","background-attachment":"scroll","background-type":"","background-media":"","overlay-type":"","overlay-color":"","overlay-opacity":"","overlay-gradient":""}},"footnotes":""},"class_list":["post-312","page","type-page","status-publish","hentry"],"_links":{"self":[{"href":"https:\/\/ops.wladyslawowo.pl\/index.php\/wp-json\/wp\/v2\/pages\/312","targetHints":{"allow":["GET"]}}],"collection":[{"href":"https:\/\/ops.wladyslawowo.pl\/index.php\/wp-json\/wp\/v2\/pages"}],"about":[{"href":"https:\/\/ops.wladyslawowo.pl\/index.php\/wp-json\/wp\/v2\/types\/page"}],"author":[{"embeddable":true,"href":"https:\/\/ops.wladyslawowo.pl\/index.php\/wp-json\/wp\/v2\/users\/4"}],"replies":[{"embeddable":true,"href":"https:\/\/ops.wladyslawowo.pl\/index.php\/wp-json\/wp\/v2\/comments?post=312"}],"version-history":[{"count":3,"href":"https:\/\/ops.wladyslawowo.pl\/index.php\/wp-json\/wp\/v2\/pages\/312\/revisions"}],"predecessor-version":[{"id":316,"href":"https:\/\/ops.wladyslawowo.pl\/index.php\/wp-json\/wp\/v2\/pages\/312\/revisions\/316"}],"wp:attachment":[{"href":"https:\/\/ops.wladyslawowo.pl\/index.php\/wp-json\/wp\/v2\/media?parent=312"}],"curies":[{"name":"wp","href":"https:\/\/api.w.org\/{rel}","templated":true}]}}