{"id":166,"date":"2026-03-26T13:05:45","date_gmt":"2026-03-26T12:05:45","guid":{"rendered":"https:\/\/ops.wladyslawowo.pl\/?page_id=166"},"modified":"2026-03-27T15:01:54","modified_gmt":"2026-03-27T14:01:54","slug":"formy-pomocy","status":"publish","type":"page","link":"https:\/\/ops.wladyslawowo.pl\/index.php\/formy-pomocy\/","title":{"rendered":"formy pomocy"},"content":{"rendered":"\n<p class=\"has-medium-font-size\"><strong>I. Pieni\u0119\u017cne<\/strong><\/p>\n\n\n\n<ol class=\"wp-block-list\">\n<li>Zasi\u0142ek sta\u0142y<\/li>\n\n\n\n<li>Zasi\u0142ek okresowy<\/li>\n\n\n\n<li>Zasi\u0142ek celowy i specjalny zasi\u0142ek celowy<\/li>\n<\/ol>\n\n\n\n<h3 class=\"wp-block-heading\">II. Niepieni\u0119\u017cne<\/h3>\n\n\n\n<ol class=\"wp-block-list\">\n<li>praca socjalna,<\/li>\n\n\n\n<li>sprawienie pogrzebu,<\/li>\n\n\n\n<li>schronienie,<\/li>\n\n\n\n<li>posi\u0142ek,<\/li>\n\n\n\n<li>poradnictwo specjalistyczne,<\/li>\n\n\n\n<li>sk\u0142adki na ubezpieczenie zdrowotne,interwencja kryzysowa,<\/li>\n\n\n\n<li>us\u0142ugi opieku\u0144cze w miejscu zamieszkania,<\/li>\n\n\n\n<li>specjalistyczne us\u0142ugi opieku\u0144cze w miejscu zamieszkania.<\/li>\n<\/ol>\n\n\n\n<p>Prawo do \u015bwiadcze\u0144 przys\u0142uguje osobom i rodzinom, kt\u00f3rych posiadane dochody nie przekraczaj\u0105 kryteri\u00f3w dochodowych, przy jednoczesnym wyst\u0105pieniu co najmniej jednej z nw. okoliczno\u015bci:<\/p>\n\n\n\n<ol class=\"wp-block-list\">\n<li>ub\u00f3stwo,<\/li>\n\n\n\n<li>sieroctwo,<\/li>\n\n\n\n<li>bezdomno\u015b\u0107,<\/li>\n\n\n\n<li>bezrobocie,<\/li>\n\n\n\n<li>niepe\u0142nosprawno\u015b\u0107,<\/li>\n\n\n\n<li>d\u0142ugotrwa\u0142a lub ci\u0119\u017cka choroba,<\/li>\n\n\n\n<li>przemoc w rodzinie,<\/li>\n\n\n\n<li>potrzeba ochrony ofiar handlu lud\u017ami,<\/li>\n\n\n\n<li>potrzeba ochrony macierzy\u0144stwa lub wielodzietno\u015bci,<\/li>\n\n\n\n<li>bezradno\u015b\u0107 w sprawach opieku\u0144czo-wychowawczych i prowadzenia gospodarstwa domowego, zw\u0142aszcza w rodzinach niepe\u0142nych lub wielodzietnych,<\/li>\n\n\n\n<li>trudno\u015bci w integracji cudzoziemc\u00f3w, kt\u00f3rzy uzyskali w Rzeczpospolitej Polskiej status uchod\u017acy lub ochron\u0119 uzupe\u0142niaj\u0105c\u0105,<\/li>\n\n\n\n<li>trudno\u015bci w przystosowaniu do \u017cycia po zwolnieniu z zak\u0142adu karnego,<\/li>\n\n\n\n<li>alkoholizm lub narkomania,<\/li>\n\n\n\n<li>zdarzenie losowe i sytuacja kryzysowa,<\/li>\n\n\n\n<li>kl\u0119ska \u017cywio\u0142owa lub ekologiczna.<\/li>\n<\/ol>\n\n\n\n<p>W systemie pomocy spo\u0142ecznej przez rodzin\u0119 rozumie si\u0119 osoby spokrewnione i niespokrewnione, pozostaj\u0105ce w faktycznym zwi\u0105zku, wsp\u00f3lnie zamieszkuj\u0105ce i gospodaruj\u0105ce.<\/p>\n\n\n\n<p>Kryterium dochodowym dla osoby samotnie gospodaruj\u0105cej jest doch\u00f3d nie przekraczaj\u0105cy kwoty <strong>1010,00 <\/strong><strong>z\u0142<\/strong>, natomiast dla osoby w rodzinie &#8211; kwota\u00a0<strong>823,00 z<\/strong><strong>\u0142<\/strong>.<\/p>\n\n\n\n<p><strong>Zasi\u0142ek sta\u0142y<\/strong><\/p>\n\n\n\n<p>Zasi\u0142ek sta\u0142y przys\u0142uguje:<\/p>\n\n\n\n<ol class=\"wp-block-list\">\n<li>pe\u0142noletniej osobie samotnie gospodaruj\u0105cej, niezdolnej do pracy z powodu wieku lub ca\u0142kowicie niezdolnej do pracy, je\u017celi jej doch\u00f3d jest ni\u017cszy od kryterium dochodowego osoby samotnie gospodaruj\u0105cej;<\/li>\n\n\n\n<li>pe\u0142noletniej osobie pozostaj\u0105cej w rodzinie, niezdolnej do pracy z powodu wieku lub ca\u0142kowicie niezdolnej do pracy, je\u017celi jej doch\u00f3d, jak r\u00f3wnie\u017c doch\u00f3d na osob\u0119 w rodzinie s\u0105 ni\u017csze od kryterium dochodowego na osob\u0119 w rodzinie.<\/li>\n<\/ol>\n\n\n\n<p>Zasi\u0142ek sta\u0142y ustala si\u0119 w wysoko\u015bci:<\/p>\n\n\n\n<ol class=\"wp-block-list\">\n<li>w przypadku osoby samotnie gospodaruj\u0105cej -r\u00f3\u017cnicy mi\u0119dzy kwot\u0105 stanowi\u0105c\u0105 130% kryterium dochodowego osoby samotnie gospodaruj\u0105cej a\u00a0dochodem tej osoby, z tym \u017ce kwota zasi\u0142ku od dnia 1 stycznia\u00a02025\u00a0r. nie mo\u017ce by\u0107 wy\u017csza ni\u017c 1 229\u00a0z\u0142 miesi\u0119cznie.<\/li>\n\n\n\n<li>w przypadku osoby w rodzinie &#8211; r\u00f3\u017cnicy mi\u0119dzy kryterium dochodowym na osob\u0119 w rodzinie a dochodem na osob\u0119 w rodzinie.<\/li>\n<\/ol>\n\n\n\n<p>Kwota zasi\u0142ku sta\u0142ego nie mo\u017ce by\u0107 ni\u017csza ni\u017c 100 z\u0142 miesi\u0119cznie.<\/p>\n\n\n\n<p>W przypadku zbiegu uprawnie\u0144 do zasi\u0142ku sta\u0142ego i renty socjalnej, \u015bwiadczenia piel\u0119gnacyjnego, specjalnego zasi\u0142ku opieku\u0144czego, dodatku z tytu\u0142u samotnego wychowywania dziecka i utraty prawa do zasi\u0142ku dla bezrobotnych na skutek up\u0142ywu ustawowego okresu jego pobierania lub zasi\u0142ku dla opiekuna, zasi\u0142ek sta\u0142y nie przys\u0142uguje<\/p>\n\n\n\n<p>Osob\u0119 przebywaj\u0105c\u0105 w domu pomocy spo\u0142ecznej lub ubiegaj\u0105c\u0105 si\u0119 o przyj\u0119cie do niego uznaje si\u0119 za osob\u0119 samotnie gospodaruj\u0105c\u0105, je\u017celi przed przyj\u0119ciem do domu pomocy spo\u0142ecznej lub rozpocz\u0119ciem oczekiwania na miejsce w takim domu by\u0142a uprawniona do zasi\u0142ku sta\u0142ego.<\/p>\n\n\n\n<p>Przy ustalaniu uprawnienia oraz wysoko\u015bci zasi\u0142ku sta\u0142ego do dochodu nie wlicza si\u0119 kwoty zasi\u0142ku okresowego.<\/p>\n\n\n\n<p><\/p>\n\n\n\n<p><strong>Zasi\u0142ek okresowy<\/strong><\/p>\n\n\n\n<p>Przys\u0142uguje osobom i rodzinom bez dochod\u00f3w lub o dochodach ni\u017cszych ni\u017c ustawowe kryterium dochodowe, w szczeg\u00f3lno\u015bci ze wzgl\u0119du na d\u0142ugotrwa\u0142\u0105 chorob\u0119, niepe\u0142nosprawno\u015b\u0107, bezrobocie.<\/p>\n\n\n\n<p>Zasi\u0142ek okresowy ustala si\u0119:<\/p>\n\n\n\n<ol class=\"wp-block-list\">\n<li>w przypadku osoby samotnie gospodaruj\u0105cej &#8211; do wysoko\u015bci r\u00f3\u017cnicy mi\u0119dzy kryterium dochodowym osoby samotnie gospodaruj\u0105cej a dochodem tej osoby<\/li>\n\n\n\n<li>w przypadku rodziny &#8211; do wysoko\u015bci r\u00f3\u017cnicy mi\u0119dzy kryterium dochodowym rodziny a dochodem tej rodziny<\/li>\n<\/ol>\n\n\n\n<p>Kwota zasi\u0142ku okresowego nie mo\u017ce by\u0107 ni\u017csza ni\u017c 20 z\u0142 miesi\u0119cznie<\/p>\n\n\n\n<p><strong>Zasi\u0142ek celowy<\/strong><\/p>\n\n\n\n<p>Przys\u0142uguje osobom i rodzinom, kt\u00f3rych doch\u00f3d jest ni\u017cszy od kryterium dochodowego okre\u015blonego w ustawie. Jest to \u015bwiadczenie jednorazowe, przyznawane na zaspokojenie niezb\u0119dnej potrzeby \u017cyciowej, a w szczeg\u00f3lno\u015bci na:<\/p>\n\n\n\n<ol class=\"wp-block-list\">\n<li>zakup \u017cywno\u015bci<\/li>\n\n\n\n<li>zakup lek\u00f3w i leczenia<\/li>\n\n\n\n<li>zakup opa\u0142u<\/li>\n\n\n\n<li>zakup odzie\u017cy i obuwia<\/li>\n<\/ol>\n\n\n\n<p><strong>Specjalny zasi\u0142ek celowy<\/strong><\/p>\n\n\n\n<p>Jest \u015bwiadczeniem, kt\u00f3re mo\u017ce by\u0107 przyznane w szczeg\u00f3lnie uzasadnionych przypadkach osobie albo rodzinie o dochodach przekraczaj\u0105cych kryterium ustawowe &#8211; w wysoko\u015bci nie przekraczaj\u0105cej odpowiednio kryterium dochodowego osoby samotnie gospodaruj\u0105cej lub rodziny.<\/p>\n\n\n\n<h3 class=\"wp-block-heading\">PROCEDURA PRZYZNAWANIA \u015aWIADCZE\u0143<\/h3>\n\n\n\n<ol class=\"wp-block-list\">\n<li>Wniosek &#8211; zg\u0142oszenie o udzielenie pomocy (osobiste lub pisemne ) przez osob\u0119 zainteresowan\u0105, b\u0105d\u017a innej osoby, za zgod\u0105 osoby zainteresowanej lub jej przedstawiciela ustawowego,<\/li>\n\n\n\n<li>Wywiad \u015brodowiskowy &#8211; sporz\u0105dzony przez pracownika socjalnego w ci\u0105gu 14 dni roboczych od daty z\u0142o\u017cenia wniosku o pomoc, w miejscu zamieszkania klienta w celu ustalenia aktualnej sytuacji osobistej, rodzinnej, dochodowej i maj\u0105tkowej osoby i rodziny. Brak zgody na przeprowadzenie wywiadu jest r\u00f3wnoznaczny z rezygnacj\u0105 z pomocy.<\/li>\n\n\n\n<li>Wydanie decyzji administracyjnej o formie przyznanej pomocy.<\/li>\n<\/ol>\n\n\n\n<h3 class=\"wp-block-heading\">UBEZPIECZENIE ZDROWOTNE<\/h3>\n\n\n\n<p>Zgodnie z ustaw\u0105 z dnia 27 sierpnia 2004 r. o \u015bwiadczeniach opieki zdrowotnej finansowanych ze \u015brodk\u00f3w publicznych (Dz. U. z 2015 r., poz. 581, z p\u00f3\u017an. zm.) do korzystania ze \u015bwiadcze\u0144 opieki zdrowotnej finansowanych ze \u015brodk\u00f3w publicznych na zasadach okre\u015blonych w ustawie (czyli bezp\u0142atnie, tak jak osoby ubezpieczone) maj\u0105 prawo osoby inne ni\u017c ubezpieczone posiadaj\u0105ce obywatelstwo polskie i miejsce zamieszkania na terytorium Rzeczypospolitej Polskiej, kt\u00f3re spe\u0142niaj\u0105 kryterium dochodowe, okre\u015blone w przepisach o pomocy spo\u0142ecznej .<\/p>\n\n\n\n<p>Wydanie decyzji o ustaleniu prawa do \u015bwiadcze\u0144 opieki zdrowotnej realizowanych ze \u015brodk\u00f3w publicznych nast\u0119puje na wniosek zainteresowanego, a w przypadku stanu nag\u0142ego \u2013 na wniosek \u015bwiadczeniodawcy udzielaj\u0105cego \u015bwiadczenia opieki zdrowotnej z\u0142o\u017cony niezw\u0142ocznie po udzieleniu \u015bwiadczenia. Wydanie decyzji administracyjnej poprzedzone jest przeprowadzeniem wywiadu \u015brodowiskowego. Wywiad przeprowadzany jest niezw\u0142ocznie po otrzymaniu informacji o potrzebie ustalenia uprawnie\u0144. Wywiad przeprowadza si\u0119 w miejscu zamieszkania\/ pobytu osoby zainteresowanej.<\/p>\n\n\n\n<p>Prawo do \u015bwiadcze\u0144 opieki zdrowotnej na podstawie w.w decyzji przys\u0142uguje przez okres 90 dni, chyba \u017ce w tym okresie \u015bwiadczeniobiorca zostanie obj\u0119ty ubezpieczeniem zdrowotnym. Je\u017celi istnieje konieczno\u015b\u0107 dalszego leczenia, d\u0142u\u017cszego ni\u017c 90 dni \u2013 mo\u017ce zosta\u0107 wydana kolejna decyzja. \u015awiadczeniodawcy NFZ realizuj\u0105 \u015bwiadczenia na rzecz os\u00f3b nieubezpieczonych legitymuj\u0105cych si\u0119 w\/w decyzj\u0105.<\/p>\n\n\n\n<p><strong>Odbi\u00f3r \u015bwiadcze\u0144 w OPS w przypadku braku konta bankowego.<\/strong><\/p>\n\n\n\n<p>Po odbi\u00f3r przyznanego zasi\u0142ku w formie pieni\u0119\u017cnej nale\u017cy zg\u0142asza\u0107 si\u0119 osobi\u015bcie do KASY w tut. OPS pok. nr 1, ul. gen. J. Hallera 19 w wyznaczonym terminie w godzinach od 10.00 do 13.00 z decyzj\u0105 i dowodem osobistym.<\/p>\n\n\n\n<p>Odbi\u00f3r zasi\u0142ku w KASIE przez inn\u0105 osob\u0119, ni\u017c wskazana w decyzji, wy\u0142\u0105cznie za okazaniem upowa\u017cnienia.<\/p>\n\n\n\n<p><\/p>\n","protected":false},"excerpt":{"rendered":"<p>I. Pieni\u0119\u017cne II. Niepieni\u0119\u017cne Prawo do \u015bwiadcze\u0144 przys\u0142uguje osobom i rodzinom, kt\u00f3rych posiadane dochody nie przekraczaj\u0105 kryteri\u00f3w dochodowych, przy jednoczesnym [&hellip;]<\/p>\n","protected":false},"author":4,"featured_media":0,"parent":0,"menu_order":0,"comment_status":"closed","ping_status":"closed","template":"","meta":{"site-sidebar-layout":"default","site-content-layout":"","ast-site-content-layout":"default","site-content-style":"default","site-sidebar-style":"default","ast-global-header-display":"","ast-banner-title-visibility":"","ast-main-header-display":"","ast-hfb-above-header-display":"","ast-hfb-below-header-display":"","ast-hfb-mobile-header-display":"","site-post-title":"","ast-breadcrumbs-content":"","ast-featured-img":"","footer-sml-layout":"","ast-disable-related-posts":"","theme-transparent-header-meta":"","adv-header-id-meta":"","stick-header-meta":"","header-above-stick-meta":"","header-main-stick-meta":"","header-below-stick-meta":"","astra-migrate-meta-layouts":"default","ast-page-background-enabled":"default","ast-page-background-meta":{"desktop":{"background-color":"var(--ast-global-color-5)","background-image":"","background-repeat":"repeat","background-position":"center center","background-size":"auto","background-attachment":"scroll","background-type":"","background-media":"","overlay-type":"","overlay-color":"","overlay-opacity":"","overlay-gradient":""},"tablet":{"background-color":"","background-image":"","background-repeat":"repeat","background-position":"center center","background-size":"auto","background-attachment":"scroll","background-type":"","background-media":"","overlay-type":"","overlay-color":"","overlay-opacity":"","overlay-gradient":""},"mobile":{"background-color":"","background-image":"","background-repeat":"repeat","background-position":"center center","background-size":"auto","background-attachment":"scroll","background-type":"","background-media":"","overlay-type":"","overlay-color":"","overlay-opacity":"","overlay-gradient":""}},"ast-content-background-meta":{"desktop":{"background-color":"var(--ast-global-color-4)","background-image":"","background-repeat":"repeat","background-position":"center center","background-size":"auto","background-attachment":"scroll","background-type":"","background-media":"","overlay-type":"","overlay-color":"","overlay-opacity":"","overlay-gradient":""},"tablet":{"background-color":"var(--ast-global-color-4)","background-image":"","background-repeat":"repeat","background-position":"center center","background-size":"auto","background-attachment":"scroll","background-type":"","background-media":"","overlay-type":"","overlay-color":"","overlay-opacity":"","overlay-gradient":""},"mobile":{"background-color":"var(--ast-global-color-4)","background-image":"","background-repeat":"repeat","background-position":"center center","background-size":"auto","background-attachment":"scroll","background-type":"","background-media":"","overlay-type":"","overlay-color":"","overlay-opacity":"","overlay-gradient":""}},"footnotes":""},"class_list":["post-166","page","type-page","status-publish","hentry"],"_links":{"self":[{"href":"https:\/\/ops.wladyslawowo.pl\/index.php\/wp-json\/wp\/v2\/pages\/166","targetHints":{"allow":["GET"]}}],"collection":[{"href":"https:\/\/ops.wladyslawowo.pl\/index.php\/wp-json\/wp\/v2\/pages"}],"about":[{"href":"https:\/\/ops.wladyslawowo.pl\/index.php\/wp-json\/wp\/v2\/types\/page"}],"author":[{"embeddable":true,"href":"https:\/\/ops.wladyslawowo.pl\/index.php\/wp-json\/wp\/v2\/users\/4"}],"replies":[{"embeddable":true,"href":"https:\/\/ops.wladyslawowo.pl\/index.php\/wp-json\/wp\/v2\/comments?post=166"}],"version-history":[{"count":3,"href":"https:\/\/ops.wladyslawowo.pl\/index.php\/wp-json\/wp\/v2\/pages\/166\/revisions"}],"predecessor-version":[{"id":393,"href":"https:\/\/ops.wladyslawowo.pl\/index.php\/wp-json\/wp\/v2\/pages\/166\/revisions\/393"}],"wp:attachment":[{"href":"https:\/\/ops.wladyslawowo.pl\/index.php\/wp-json\/wp\/v2\/media?parent=166"}],"curies":[{"name":"wp","href":"https:\/\/api.w.org\/{rel}","templated":true}]}}